{"id":11,"date":"2012-07-09T10:47:10","date_gmt":"2012-07-09T09:47:10","guid":{"rendered":"http:\/\/cluster015.ovh.net\/~aptinnov\/wp\/?page_id=11"},"modified":"2013-03-19T17:20:33","modified_gmt":"2013-03-19T16:20:33","slug":"formation","status":"publish","type":"page","link":"https:\/\/asso.aptinnov.fr\/?page_id=11","title":{"rendered":"Offre de formation"},"content":{"rendered":"<p style=\"text-align: center;\"><em>Propos\u00e9e et anim\u00e9e par Aptinnov,<br \/>\nen partenariat avec Universit\u00e9 de Lorraine Formation Continue<\/em><\/p>\n<h1 style=\"text-align: center;\"><strong>Vers une culture de l\u2019innovation<\/strong><\/h1>\n<h2>Publics<a href=\"http:\/\/cluster015.ovh.net\/~aptinnov\/wp\/wp-content\/uploads\/2012\/07\/IMG_5720_flou.jpg\"><img loading=\"lazy\" class=\"alignright  wp-image-138\" title=\"IMG_5720_flou\" src=\"http:\/\/cluster015.ovh.net\/~aptinnov\/wp\/wp-content\/uploads\/2012\/07\/IMG_5720_flou.jpg\" alt=\"\" width=\"225\" height=\"169\" srcset=\"https:\/\/asso.aptinnov.fr\/wp-content\/uploads\/2012\/07\/IMG_5720_flou.jpg 302w, https:\/\/asso.aptinnov.fr\/wp-content\/uploads\/2012\/07\/IMG_5720_flou-300x224.jpg 300w\" sizes=\"(max-width: 225px) 100vw, 225px\" \/><\/a><\/h2>\n<ul>\n<li style=\"text-align: justify;\">Dirigeants et collaborateurs de TPE-PME souhaitant s\u2019initier au management de l\u2019innovation et diagnostiquer leur capacit\u00e9 \u00e0 innover et celle de leur environnement.<\/li>\n<li style=\"text-align: justify;\">Etudiants de l\u2019IUT d\u2019Epinal DUT 2\u00e8me ann\u00e9e QLIO (Qualit\u00e9 Logistique Industrielle &amp; Organisation) dans le cadre de leur formation initiale.<\/li>\n<\/ul>\n<h2>M\u00e9thode p\u00e9dagogique<\/h2>\n<p style=\"text-align: justify;\">Notre choix p\u00e9dagogique pose le principe d\u2019une \u00e9quipe multiculturelle d\u2019animation (consultants, universitaires, industriels). Nous souhaitons associer un public d\u2019\u00e9tudiants, \u00e0 un public de d\u00e9cideurs et de collaborateurs en poste, afin d\u2019illustrer dans la pratique l\u2019int\u00e9r\u00eat d\u2019une approche crois\u00e9e en mati\u00e8re d\u2019innovation.<\/p>\n<h2>Objectifs<\/h2>\n<ul>\n<li style=\"text-align: justify;\">Comprendre les enjeux et la probl\u00e9matique de l\u2019innovation<\/li>\n<li style=\"text-align: justify;\">Identifier les capacit\u00e9s \u00e0 innover des individus et des entreprises : aspects organisationnels,comportementaux et sociaux<\/li>\n<li style=\"text-align: justify;\">Cr\u00e9er les conditions favorables au management de l\u2019innovation au travers de la gestion de projet, des outils de cr\u00e9ativit\u00e9 et du mode de management des collaborateurs<\/li>\n<\/ul>\n<h2>La d\u00e9marche propos\u00e9e<\/h2>\n<h3>1e s\u00e9ance \u2013 les fondements<\/h3>\n<ul>\n<li style=\"text-align: justify;\">Eclairer la notion \u00ab d\u2019Innovation \u00bb<\/li>\n<li style=\"text-align: justify;\">D\u00e9montrer que l\u2019innovation n\u2019est pas r\u00e9serv\u00e9e \u00e0 une \u00e9lite<\/li>\n<li style=\"text-align: justify;\">Proposer une approche collective du \u00ab projet innovant \u00bb en TPE-PME<\/li>\n<li style=\"text-align: justify;\">Encourager les entreprises \u00e0 Innover pour faire gagner leurs projets.<\/li>\n<li style=\"text-align: justify;\">A une pr\u00e9sentation magistrale, nous privil\u00e9gierions une alternance de moments d\u2019\u00e9changes sous forme de \u00ab questions-d\u00e9bats \u00bb, suivis de moments de \u00ab reformulation &#8211; synth\u00e8se \u00bb agr\u00e9ment\u00e9s d\u2019apports th\u00e9oriques.<\/li>\n<\/ul>\n<h3>2e et 3e s\u00e9ances &#8211; Travaux dirig\u00e9s \/ Etude de cas<\/h3>\n<ul>\n<li style=\"text-align: justify;\">Constitution de groupes de 5 auditeurs maximum<\/li>\n<li style=\"text-align: justify;\">Progression en 6 \u00e9tapes pour la r\u00e9alisation d\u2019une \u00e9tude de cas de projet innovant d\u2019entreprise<\/li>\n<\/ul>\n<h3>4e s\u00e9ance : Restitution des cas \u2013 Conclusion et synth\u00e8se<\/h3>\n<ul>\n<li>Restitution par le responsable de chaque groupe<\/li>\n<li>Introduction de t\u00e9moignages d\u2019industriels dans les d\u00e9briefings<\/li>\n<\/ul>\n<h3>Actions de suivi du s\u00e9minaire<\/h3>\n<ul>\n<li style=\"text-align: justify;\">A l\u2019issue du dernier s\u00e9minaire, une restitution de la production consolid\u00e9e de l\u2019ensemble des participants leur sera adress\u00e9e par courriel.<\/li>\n<li style=\"text-align: justify;\">Les pr\u00e9sentations utilis\u00e9es pour les apports th\u00e9oriques seront \u00e9galement envoy\u00e9es par courriel aux participants.<\/li>\n<\/ul>\n<p><strong>Pour b\u00e9n\u00e9ficier de\u00a0nouvelles formations, il vous suffit de prendre <a title=\"Contact\" href=\"http:\/\/cluster015.ovh.net\/~aptinnov\/wp\/?page_id=29\">contact<\/a> avec nous.<\/strong><\/p>\n<p style=\"text-align: center;\"><em>AptInnov, prestataire de formation enregistr\u00e9 sous le num\u00e9ro 41 54 03129 54.<br \/>\nCet enregistrement ne vaut pas agr\u00e9ment de l&rsquo;\u00c9tat.<\/em><\/p>\n","protected":false},"excerpt":{"rendered":"<p>Propos\u00e9e et anim\u00e9e par Aptinnov, en partenariat avec Universit\u00e9 de Lorraine Formation Continue Vers une culture de l\u2019innovation Publics Dirigeants et collaborateurs de TPE-PME souhaitant s\u2019initier au management de l\u2019innovation et diagnostiquer leur capacit\u00e9 \u00e0 innover et celle de leur &hellip; <a href=\"https:\/\/asso.aptinnov.fr\/?page_id=11\">Continuer la lecture <span class=\"meta-nav\">&rarr;<\/span><\/a><\/p>\n","protected":false},"author":1,"featured_media":0,"parent":0,"menu_order":0,"comment_status":"closed","ping_status":"closed","template":"onecolumn-page.php","meta":{"ngg_post_thumbnail":0},"_links":{"self":[{"href":"https:\/\/asso.aptinnov.fr\/index.php?rest_route=\/wp\/v2\/pages\/11"}],"collection":[{"href":"https:\/\/asso.aptinnov.fr\/index.php?rest_route=\/wp\/v2\/pages"}],"about":[{"href":"https:\/\/asso.aptinnov.fr\/index.php?rest_route=\/wp\/v2\/types\/page"}],"author":[{"embeddable":true,"href":"https:\/\/asso.aptinnov.fr\/index.php?rest_route=\/wp\/v2\/users\/1"}],"replies":[{"embeddable":true,"href":"https:\/\/asso.aptinnov.fr\/index.php?rest_route=%2Fwp%2Fv2%2Fcomments&post=11"}],"version-history":[{"count":20,"href":"https:\/\/asso.aptinnov.fr\/index.php?rest_route=\/wp\/v2\/pages\/11\/revisions"}],"predecessor-version":[{"id":317,"href":"https:\/\/asso.aptinnov.fr\/index.php?rest_route=\/wp\/v2\/pages\/11\/revisions\/317"}],"wp:attachment":[{"href":"https:\/\/asso.aptinnov.fr\/index.php?rest_route=%2Fwp%2Fv2%2Fmedia&parent=11"}],"curies":[{"name":"wp","href":"https:\/\/api.w.org\/{rel}","templated":true}]}}